{"id":666,"date":"2018-08-27T19:06:59","date_gmt":"2018-08-27T19:06:59","guid":{"rendered":"http:\/\/akademie.dw.de\/tunisiamedia\/?page_id=666"},"modified":"2026-03-20T20:49:16","modified_gmt":"2026-03-20T20:49:16","slug":"a-propos","status":"publish","type":"page","link":"https:\/\/akademie.dw.de\/tunisiamedia\/mlt-family\/a-propos\/","title":{"rendered":"\u00c0 PROPOS"},"content":{"rendered":"\n<p><\/p>\n\n\n\n<h1 class=\"wp-block-heading\">\u00c0 PROPOS<\/h1>\n\n\n<h2>DW Akademie<\/h2>\n<h1>Des m\u00e9dias libres.<br \/>Une opinion libre.<br \/>Des gens libres.<\/h1>\n<h3>Renforcer le droit humain \u00e0 la libert\u00e9 d\u2019expression<\/h3>\n<p><span style=\"font-weight: 400;\">DW Akademie est le centre de Deutsche Welle d\u00e9di\u00e9 au d\u00e9veloppement international des m\u00e9dias, \u00e0 la formation au journalisme et au transfert de connaissances. Nos projets renforcent le droit fondamental \u00e0 la libert\u00e9 d\u2019expression et l\u2019acc\u00e8s libre \u00e0 l\u2019information.<\/span><\/p>\n<p><span style=\"font-weight: 400;\">DW Akademie permet aux populations dans le monde de prendre des d\u00e9cisions ind\u00e9pendantes, bas\u00e9es sur des faits fiables et un dialogue constructif. Elle est un partenaire strat\u00e9gique du minist\u00e8re f\u00e9d\u00e9ral allemand de la Coop\u00e9ration \u00e9conomique et du D\u00e9veloppement (BMZ). Nous recevons \u00e9galement des financements du minist\u00e8re des Affaires \u00e9trang\u00e8res et de l\u2019Union europ\u00e9enne, et nous sommes actifs dans 60 pays en d\u00e9veloppement et \u00e9conomies \u00e9mergentes.<\/span><\/p>\n<h3>Nous renfor\u00e7ons le d\u00e9veloppement durable par les m\u00e9dias<\/h3>\n<p><span style=\"font-weight: 400;\">Nous sommes des journalistes, consultants et experts des m\u00e9dias et de l\u2019\u00e9ducation. Avec nos partenaires, nous \u0153uvrons pour promouvoir la libert\u00e9 d\u2019expression, les droits humains et des syst\u00e8mes m\u00e9diatiques fonctionnels \u00e0 l\u2019\u00e9chelle mondiale. Nous croyons que le journalisme, l\u2019\u00e9ducation et la culture am\u00e9liorent la vie des populations. Les r\u00e9cits puissants favorisent un dialogue social constructif. Les citoyens ont besoin de faits fiables, d\u2019analyses ind\u00e9pendantes, d\u2019une pr\u00e9sentation impartiale de l\u2019information et d\u2019un acc\u00e8s universel au savoir.<\/span><\/p>\n<h3>Notre vision du d\u00e9veloppement m\u00e9diatique<\/h3>\n<p><span style=\"font-weight: 400;\">Notre travail s\u2019appuie sur l\u2019Article 19 du Pacte international relatif aux droits civils et politiques, qui proclame la libert\u00e9 d\u2019expression et l\u2019acc\u00e8s \u00e0 l\u2019information comme droits humains fondamentaux. La libert\u00e9 d\u2019expression est essentielle pour permettre aux individus d\u2019utiliser une information fiable et d\u2019\u00e9changer librement leurs id\u00e9es.<\/span><\/p>\n<h2>DW Akademie dans la r\u00e9gion MENA<\/h2>\n<p><span style=\"font-weight: 400;\">Trois forces structurent le d\u00e9veloppement m\u00e9diatique dans le monde arabe : le pouvoir politique, les int\u00e9r\u00eats \u00e9conomiques et la r\u00e9volution num\u00e9rique. Les deux premiers domaines sont souvent domin\u00e9s par les pouvoirs en place ou les entreprises, tandis que la r\u00e9volution num\u00e9rique ouvre la voie \u00e0 la diversit\u00e9, \u00e0 la cr\u00e9ativit\u00e9 et \u00e0 de nouveaux espaces de libert\u00e9.<\/span><\/p>\n<p><span style=\"font-weight: 400;\">La transformation num\u00e9rique motive particuli\u00e8rement les jeunes, qui repr\u00e9sentent la moiti\u00e9 de la population de la r\u00e9gion. Cependant, comme ailleurs, l\u2019information en ligne peut \u00eatre utile mais aussi trompeuse ou manipul\u00e9e. C\u2019est pourquoi DW Akademie met l\u2019accent sur l\u2019\u00e9ducation aux m\u00e9dias : aider les populations \u00e0 d\u00e9velopper un esprit critique face aux contenus num\u00e9riques, que ce soit dans les centres jeunes en Tunisie, les \u00e9coles au Liban ou les centres communautaires en Jordanie.<\/span><\/p>\n<p><span style=\"font-weight: 400;\">Nous renfor\u00e7ons \u00e9galement les services qui soutiennent une jeunesse critique et consciente des enjeux m\u00e9diatiques. Du Maroc au Golfe, le renforcement des capacit\u00e9s demeure essentiel pour former des journalistes ind\u00e9pendants et autonomes.<\/span><\/p>\n<p><span style=\"font-weight: 400;\">DW Akademie, enfin, contribue \u00e0 d\u00e9velopper une expertise r\u00e9gionale en gestion des m\u00e9dias et \u00e0 cr\u00e9er des r\u00e9seaux d\u2019acteurs gr\u00e2ce \u00e0 une expertise internationale, en collaboration avec nos partenaires locaux.<\/span><\/p>\n<h2>Al Khatt<\/h2>\n<p><span style=\"font-weight: 400;\">Al Khatt est une ONG tunisienne \u00e0 but non lucratif fond\u00e9e en 2013. Elle \u0153uvre pour la libert\u00e9 de la presse et d&rsquo;expression et veut \u00eatre un laboratoire d\u2019id\u00e9es et un espace de r\u00e9flexion sur l\u2019avenir du journalisme \u00e0 l\u2019\u00e8re de l\u2019Internet. <\/span><\/p>\n<p><span style=\"font-weight: 400;\">Au sein de l\u2019organisation, Al Khatt m\u00e8ne une r\u00e9flexion globale aussi bien sur la production de contenu journalistique que sur la mani\u00e8re de le diffuser et de le partager. Al Khatt met en place des actions visant \u00e0 : <\/span><\/p>\n<ul>\n<li style=\"font-weight: 400;\"><span style=\"font-weight: 400;\">d\u00e9velopper et promouvoir la libert\u00e9 de la presse et la libert\u00e9 d\u2019expression ;<\/span><\/li>\n<li style=\"font-weight: 400;\"><span style=\"font-weight: 400;\">\u0153uvrer pour une information ind\u00e9pendante, de qualit\u00e9 et utile pour le citoyen ;<\/span><\/li>\n<li style=\"font-weight: 400;\"><span style=\"font-weight: 400;\">innover et r\u00e9inventer le rapport entre les cr\u00e9ateurs de contenu informatif et le citoyen ;<\/span><\/li>\n<li style=\"font-weight: 400;\"><span style=\"font-weight: 400;\">cr\u00e9er des outils technologiques au service de l&rsquo;information, de la participation citoyenne et de l\u2019acc\u00e8s \u00e0 l&rsquo;information ;<\/span><\/li>\n<li style=\"font-weight: 400;\"><span style=\"font-weight: 400;\">\u0153uvrer pour l\u2019\u00e9ducation aux m\u00e9dias et pour la formation aux techniques de production de contenu informatif ;<\/span><\/li>\n<li id=\"contact\" style=\"font-weight: 400;\"><span style=\"font-weight: 400;\">conseiller, appuyer et livrer \u00e0 des organisations et des m\u00e9dias en Tunisie et dans le monde des outils de gestion de donn\u00e9s et de travail journalistique. <\/span><\/li>\n<\/ul>\n<p><span style=\"font-weight: 400;\">Al Khatt croit profond\u00e9ment que le droit \u00e0 une information libre et de qualit\u00e9 est un droit fondamental des citoyens et qu\u2019agir pour la libert\u00e9 de la presse, la libert\u00e9 d\u2019expression et l\u2019acc\u00e8s \u00e0 l\u2019information, c\u2019est agir pour mettre en place un syst\u00e8me d\u00e9mocratique et transparent en Tunisie.<\/span><\/p>\n<h2>Nous contacter<\/h2>\n<p>MEDIA LOVES TECH: <a href=\"mailto:medialovestech@dw.com\" target=\"_blank\" rel=\"noopener noreferrer\">medialovestech@dw.com<\/a><br \/>MEDIA PARCOURS: <a href=\"mailto:mediaparcours@dw.com\" target=\"_blank\" rel=\"noopener noreferrer\">mediaparcours@dw.com<\/a><\/p>\n<h2>Plus d&rsquo;informations sur la DW Akademie<\/h2>\n<p><a href=\"https:\/\/akademie.dw.com\/fr\/accueil\/s-54350219\">DW Akademie (en fran\u00e7ais)<\/a><br \/>DW Akademie <a href=\"https:\/\/www.dw.com\/en\/dw-akademie\/who-we-are\/s-30788\">Who we are<\/a><\/p>\n<p><a href=\"https:\/\/www.linkedin.com\/company\/dw-akademie\/\">LinkedIn\/DW Akademie<\/a><br \/><a href=\"https:\/\/www.facebook.com\/DWAkademie\" target=\"_blank\" rel=\"noopener\">Facebook.com\/DWAkademie<\/a><br \/><a href=\"https:\/\/www.facebook.com\/DWAkademie.Middleeast\/\" target=\"_blank\" rel=\"noopener\"><span class=\"d2edcug0 hpfvmrgz qv66sw1b c1et5uql rrkovp55 a8c37x1j keod5gw0 nxhoafnm aigsh9s9 d3f4x2em fe6kdd0r mau55g9w c8b282yb mdeji52x a5q79mjw g1cxx5fr knj5qynh m9osqain hzawbc8m\" dir=\"auto\"><span class=\"d2edcug0 hpfvmrgz qv66sw1b c1et5uql rrkovp55 a5q79mjw g1cxx5fr knj5qynh m9osqain\"><span class=\"tojvnm2t a6sixzi8 abs2jz4q a8s20v7p t1p8iaqh k5wvi7nf q3lfd5jv pk4s997a bipmatt0 cebpdrjk qowsmv63 owwhemhu dp1hu0rb dhp61c6y iyyx5f41\">Facebook.com\/DWAkademie.Middleeast<\/span><span class=\"rfua0xdk pmk7jnqg stjgntxs ni8dbmo4 ay7djpcl q45zohi1\">\u00a0<\/span><\/span><\/span><\/a><\/p>\n<h2>Plus d&rsquo;informations sur Al Khatt<\/h2>\n<p><a href=\"http:\/\/www.alkhatt.org\">Alkhatt.org<\/a><br \/><a href=\"https:\/\/twitter.com\/AlKhattOrg\">Twitter.com\/AlKhattOrg<\/a><br \/><a href=\"https:\/\/www.facebook.com\/AlKhattOrg\/\">Facebook.com\/AlKhattOrg<\/a><\/p>","protected":false},"excerpt":{"rendered":"<p>\u00c0 PROPOS DW Akademie Des m\u00e9dias libres.Une opinion libre.Des gens libres. Renforcer le droit humain \u00e0 la libert\u00e9 d\u2019expression DW Akademie est le centre de Deutsche Welle d\u00e9di\u00e9 au d\u00e9veloppement international des m\u00e9dias, \u00e0 la formation au journalisme et au transfert de connaissances. Nos projets renforcent le droit fondamental \u00e0 la libert\u00e9 d\u2019expression et l\u2019acc\u00e8s &hellip; <\/p>\n<p class=\"link-more\"><a href=\"https:\/\/akademie.dw.de\/tunisiamedia\/mlt-family\/a-propos\/\" class=\"more-link\">Continuer la lecture<span class=\"screen-reader-text\"> de &laquo;&nbsp;\u00c0 PROPOS&nbsp;&raquo;<\/span><\/a><\/p>\n","protected":false},"author":5,"featured_media":0,"parent":4640,"menu_order":0,"comment_status":"closed","ping_status":"closed","template":"","meta":{"_monsterinsights_skip_tracking":false,"_monsterinsights_sitenote_active":false,"_monsterinsights_sitenote_note":"","_monsterinsights_sitenote_category":0,"footnotes":""},"class_list":["post-666","page","type-page","status-publish","hentry"],"_links":{"self":[{"href":"https:\/\/akademie.dw.de\/tunisiamedia\/wp-json\/wp\/v2\/pages\/666","targetHints":{"allow":["GET"]}}],"collection":[{"href":"https:\/\/akademie.dw.de\/tunisiamedia\/wp-json\/wp\/v2\/pages"}],"about":[{"href":"https:\/\/akademie.dw.de\/tunisiamedia\/wp-json\/wp\/v2\/types\/page"}],"author":[{"embeddable":true,"href":"https:\/\/akademie.dw.de\/tunisiamedia\/wp-json\/wp\/v2\/users\/5"}],"replies":[{"embeddable":true,"href":"https:\/\/akademie.dw.de\/tunisiamedia\/wp-json\/wp\/v2\/comments?post=666"}],"version-history":[{"count":26,"href":"https:\/\/akademie.dw.de\/tunisiamedia\/wp-json\/wp\/v2\/pages\/666\/revisions"}],"predecessor-version":[{"id":8815,"href":"https:\/\/akademie.dw.de\/tunisiamedia\/wp-json\/wp\/v2\/pages\/666\/revisions\/8815"}],"up":[{"embeddable":true,"href":"https:\/\/akademie.dw.de\/tunisiamedia\/wp-json\/wp\/v2\/pages\/4640"}],"wp:attachment":[{"href":"https:\/\/akademie.dw.de\/tunisiamedia\/wp-json\/wp\/v2\/media?parent=666"}],"curies":[{"name":"wp","href":"https:\/\/api.w.org\/{rel}","templated":true}]}}