{"id":463,"date":"2018-08-24T10:55:17","date_gmt":"2018-08-24T10:55:17","guid":{"rendered":"http:\/\/akademie.dw.de\/tunisiamedia\/?page_id=463"},"modified":"2019-03-28T13:24:36","modified_gmt":"2019-03-28T13:24:36","slug":"conference","status":"publish","type":"page","link":"https:\/\/akademie.dw.de\/tunisiamedia\/conference\/","title":{"rendered":"CONF\u00c9RENCE"},"content":{"rendered":"<h1>MEDIA LOVES TECH<\/h1>\n<h2>Solutions num\u00e9riques pour un journalisme innovant en Tunisie<\/h2>\n<p>#MediaLovesTech<\/p>\n<p><strong>Du 22 au 24 octobre 2018 \u00e0 Tunis<\/strong><\/p>\n<p>Lors de cette conf\u00e9rence de trois jours, la sc\u00e8ne m\u00e9diatique rencontrera la sc\u00e8ne technologique et les start-ups. L\u2019objectif : d\u00e9couvrir, gr\u00e2ce \u00e0 des conf\u00e9renciers de renomm\u00e9e mondiale, la mani\u00e8re dont l&rsquo;innovation num\u00e9rique peut faciliter et am\u00e9liorer le journalisme.<\/p>\n<p>\u00c0 la DW Akademie, la principale organisation allemande pour le d\u00e9veloppement des m\u00e9dias internationaux, nous sommes convaincus que le journalisme num\u00e9rique peut \u00eatre un v\u00e9ritable tremplin pour des m\u00e9dias durables en Tunisie. Nous lan\u00e7ons donc un appel \u00e0 projets \u00e0 tous les innovateurs qui se cachent parmi vous. Lors de la conf\u00e9rence, vous aurez l&rsquo;occasion de d\u00e9couvrir des concepts pr\u00e9s\u00e9lectionn\u00e9s par ce concours et de rencontrer les \u00e9quipes entrepreneuriales.<\/p>\n<p>La conf\u00e9rence MEDIA LOVES TECH r\u00e9unira des institutions m\u00e9diatiques, des experts, des start-ups, des politiciens et des journalistes. Au menu : journalisme de qualit\u00e9, cr\u00e9dibilit\u00e9, technologie, financement et p\u00e9rennit\u00e9 des m\u00e9dias en Tunisie.<\/p>\n<p>Si vous \u00eates int\u00e9ress\u00e9 pour prendre part \u00e0 la conf\u00e9rence, veuillez contacter Mme Camilla Hildebrandt par <a href=\"mailto: MediaLovesTech@dw.com\">mail<\/a>.<\/p>\n<p>Nous sommes impatients de vous y voir !<\/p>\n<h1>Programme de la conf\u00e9rence<\/h1>\n<p>&nbsp;<\/p>\n<h2 style=\"text-align: left;\"><img loading=\"lazy\" decoding=\"async\" class=\"alignleft wp-image-1659\" src=\"http:\/\/akademie.dw.de\/tunisiamedia\/wp-content\/uploads\/2018\/10\/facebook_logo.jpg\" alt=\"\" width=\"50\" height=\"50\" \/><a href=\"https:\/\/www.facebook.com\/MediaLovesTech\" target=\"_blank\" rel=\"noopener\">Suivez-nous en direct sur Facebook (vid\u00e9os &amp; actus) !<\/a><\/h2>\n<p>&nbsp;<\/p>\n<h1>Jour 1 &#8211; Lundi 22 octobre 2018<\/h1>\n<h2>\u00ab Media Loves Tech : Potentiel en Tunisie &#8211; L\u2019innovation dans les m\u00e9dias et l\u2019\u00e9cosyst\u00e8me des start-ups \u00bb<\/h2>\n<p><strong>9:00 &#8211; 9:30 Enregistrement<\/strong><\/p>\n<p><strong>9:30 &#8211; 9:50 Bienvenue et introduction<\/strong><\/p>\n<p>Pr\u00e9sentation : Martin Vogl\/Mounira Hamdi\/Wassim Ben Larbi<\/p>\n<ul>\n<li>S.E. Dr. Andreas Reinicke, Ambassadeur de la R\u00e9publique f\u00e9d\u00e9rale d\u2019Allemagne<\/li>\n<li>Malek Khadhraoui, Pr\u00e9sident et Co-fondateur Al Khatt<\/li>\n<li>Jens-Uwe Rahe, Head Middle East \/ North Africa, DW Akademie<\/li>\n<\/ul>\n<p><strong>9:50 &#8211; 11:00 L\u2019\u00e9conomie des start-ups &#8211; une opportunit\u00e9 pour le journalisme <\/strong><strong>en Tunisie ?<\/strong><\/p>\n<p>Pr\u00e9sentation : Wassim Ben Larbi\/Mounira Hamdi<\/p>\n<p>Discussion avec les invit\u00e9s, puis avec le public :<\/p>\n<ul>\n<li>Haythem Mehouachi (Lead Startup Act Taskforce) : Startup Act, la nouvelle loi visant \u00e0 acc\u00e9l\u00e9rer le d\u00e9veloppement des startups tunisiennes<\/li>\n<li>Malek Khadhraoui (Al Khatt) : la sc\u00e8ne m\u00e9diatique tunisienne, \u00e9tat des lieux<\/li>\n<li>Amel Saidane (pr\u00e9sidente de TunisianStartups) : les r\u00e9alit\u00e9s des start-ups en Tunisie<\/li>\n<li>Yehia Houry (start-up acc\u00e9l\u00e9rateur, Flat6Labs Tunis)<\/li>\n<li>Ismail Ben Sassi (r\u00e9dacteur en chef et fondateur de ilBoursa.com)<\/li>\n<\/ul>\n<p><strong>11:00 &#8211; 11:30 Pause caf\u00e9<\/strong><\/p>\n<p><strong>11:30 &#8211; 12:30 La transformation num\u00e9rique dans les m\u00e9dias : les d\u00e9fis dans le <\/strong><strong>travail quotidien<\/strong><\/p>\n<p>Pr\u00e9sentation : R\u00fcdiger Maack\/Wassim Ben Larbi<\/p>\n<ul>\n<li>HuffPost Maghreb (Tunisie)<\/li>\n<li>Express FM (Tunisie) (demand\u00e9)<\/li>\n<li>Rafika Bendermel (Tunisie, Tunisie Bondy Blog)<\/li>\n<li>Manshoor, Kowe\u00eft\/\u00c9gypte, blogueur : Manshoor.com)<\/li>\n<li>Naceureddine Elafrite (Maroc, Medias24.com)<\/li>\n<\/ul>\n<p><strong>12:30 &#8211; 13:00 Speed Dating <\/strong><\/p>\n<p>Pr\u00e9sentation : Martin Vogl<\/p>\n<p><strong>13:00 &#8211; 13:40 La t\u00e9l\u00e9vision tunisienne et les exp\u00e9riences d\u2019outre-mer<\/strong><\/p>\n<p>Pr\u00e9sentation : Wassim Ben Larbi\/Mounira Hamdi<\/p>\n<ul>\n<li>TV nationale (Tunisie)<\/li>\n<li>Carthage + (Tunisie) (demand\u00e9)<\/li>\n<li>Andreas Giefer, Coordinateur DW Innovation Lab Corporate Strategy (Allemagne, DW)<\/li>\n<li>Khalil Trabelsi (Qatar, AJ+)<\/li>\n<\/ul>\n<p><strong>13:40 &#8211; 15:10 D\u00e9jeuner<\/strong><\/p>\n<p><strong>15:10 &#8211; 16:30 MEDIA LOVES TECH \u2013 Le Pitch<\/strong><\/p>\n<p>Pr\u00e9sentation : Martin Vogl\/Mounira Hamdi<\/p>\n<p>Les 10 \u00e9quipes gagnantes du \u00ab Call-Up \u00bb pr\u00e9sentent leurs concepts<\/p>\n<p><strong>16:30 \u2013 open R\u00e9ception<\/strong><\/p>\n<h1>Jour 2 : Mardi 23 octobre 2018<\/h1>\n<h2>\u00ab Media Loves Tech \u2013 Business Model, Financial Support, Credibility \u2013 La Tunisie et le monde\u00a0\u00bb<\/h2>\n<p><strong>9:00 &#8211; 9:30 Enregistrement<\/strong><\/p>\n<p><strong>9:30 &#8211; 10:30 Table Ronde : Comment rendre durable un projet m\u00e9dia ?<\/strong><\/p>\n<p>Pr\u00e9sentation : Malek Khadhraoui\/Martin Vogl<\/p>\n<ul>\n<li>Bilal Randeree (USA, MDIF Media Development Investment Fund)<\/li>\n<li>Julia Nowecki (Allemagne, Alsharq)<\/li>\n<li>Alaksiej Lavoncyk (R\u00e9p Tch\u00e8que, Press Start\/TOL)<\/li>\n<li>Christian Gesellmann (Allemagne, Krautreporter)<\/li>\n<\/ul>\n<p><strong>10:30 &#8211; 11:00 Le cas de Radio Nefzawa : \u00ab Media Viability \u00bb dans la r\u00e9gion de K\u00e9bili <\/strong><\/p>\n<p>Pr\u00e9sentation : R\u00fcdiger Maack<\/p>\n<p><strong>11:00 &#8211; 11:30 \u00ab Fuckup matters \u00bb &#8211; Apprendre de l\u2019\u00e9chec<\/strong><\/p>\n<p>Pr\u00e9sentation : Martin Vogl<\/p>\n<p><strong>11:30 &#8211; 12:00 Pause caf\u00e9<\/strong><\/p>\n<p><strong>12:00 &#8211; 12:30 Pr\u00e9sentation : \u00ab\u00a0\u00ab\u00a0Map for start-uppers\u00a0\u00bb dans la r\u00e9gion MENA\u00a0\u00bb<\/strong><\/p>\n<p>Pr\u00e9sentation : Martin Vogl\/Mounira Hamdi<\/p>\n<ul>\n<li>Layal Bahnam (Liban, Fondation Maharat)<\/li>\n<li>Roula Mikhael (Liban, Fondation Maharat)<\/li>\n<\/ul>\n<p><strong>12:30 &#8211; 13:30 Business Model \u2013 La Tunisie et le monde<\/strong><\/p>\n<p>Pr\u00e9sentation : Wassim Ben Larbi\/Martin Vogl<\/p>\n<p>Table ronde avec les invit\u00e9s et discussion avec le public :<\/p>\n<ul>\n<li>Laura Diniz (Br\u00e9sil, Jota)s<\/li>\n<li>Basil Okoor (Jordanie, JO24)<\/li>\n<li>Mariam Mohanna (Liban, Assafir Al-Arabi)<\/li>\n<li>Ranjan Roy (USA, The Edge Group)<\/li>\n<li>Al Khatt (Tunisie)<\/li>\n<li>Roberta Pasini (Syrie, Syria Untold)<\/li>\n<li>Salam Omer (Irak, KirkukNow)<\/li>\n<\/ul>\n<p><strong>13:30 &#8211; 14:45 D\u00e9jeuner<\/strong><\/p>\n<p><strong>14:45 &#8211; 15:30 Marketplace : Credibility + Business model + Financial Support<\/strong><\/p>\n<p>Pr\u00e9sentation : Martin Vogl\/Mounira Hamdi<\/p>\n<ul>\n<li>Aya Ali (Jordanie, Sowt)<\/li>\n<li>Abiola Obaonring (France, Argot)<\/li>\n<li>Ali Amar (Maroc, Le Desk)<\/li>\n<li>Ismail Ben Sassi (Tunisie, ilBoursa) r\u00e9dacteur en chef et fondateur<\/li>\n<li>Mathieu Bardeau (France, StreetPress)<\/li>\n<\/ul>\n<p><strong>15:30 &#8211; 16:40 Ateliers avec les sp\u00e9cialistes &#8211; Business Model, Financial Support, Credibility<\/strong><\/p>\n<p>Chacun des \u00ab\u00a0pan\u00e9listes\u00a0\u00bb m\u00e8nera un atelier :<\/p>\n<ul>\n<li>Laura Diniz (Br\u00e9sil, Jota)<\/li>\n<li>Basil Okoor (Jordanie, JO24)<\/li>\n<li>Ranjan Roy (USA, The Edge Group)<\/li>\n<li>Inkyfada (Tunisie)<\/li>\n<li>Julia Nowecki (Allemagne, Alsharq)<\/li>\n<li>Ismail Ben Sassi (Tunisie, ilBoursa)<\/li>\n<li>Salam Omer (Irak, KirkukNow)<\/li>\n<li>Roberta Pasini (Syrie, Syria Untold)<\/li>\n<\/ul>\n<p><strong>16:40 &#8211; 17:00 Pr\u00e9sentation: soutien financier et partenariat d\u2019\u00e9gal \u00e0<\/strong><br \/>\n<strong>\u00e9gal<\/strong><\/p>\n<p>Pr\u00e9sentation : Martin Vogl\/ Wassim Ben Larbi<\/p>\n<ul>\n<li>Sandra van Edig (Allemagne, DW Akademie)<\/li>\n<li>Roula Mikhael (Liban, Fondation Maharat)<\/li>\n<li>Malek Khadhraoui (Tunisie, Al Khatt)<\/li>\n<li>IMS (Tunisie)<\/li>\n<\/ul>\n<p><strong>17:00 Networking caf\u00e9<\/strong><\/p>\n<h1>Jour 3 : Mercredi 24 octobre 2018<\/h1>\n<h2>\u00ab Media Loves Tech \u2013 Lab : Ouvrez votre esprit \u00e0 l\u2019innovation !\u00a0\u00bb<\/h2>\n<p><strong>9:00 &#8211; 9:30 Enregistrement<\/strong><\/p>\n<p><strong>9:30 &#8211; 9:45 Key Note : l\u2019importance du fact checking<\/strong><\/p>\n<ul>\n<li>Pablo Fern\u00e1ndez (Argentine, Chequeado)<\/li>\n<\/ul>\n<p><strong>9:45 &#8211; 11:00 Fact checking en Tunisie et dans le monde<\/strong><\/p>\n<p>Pr\u00e9sentation : Wassim Ben Larbi \/Mounira Hamdi<\/p>\n<ul>\n<li>Ghada Missaoui (Tunisie, Doustourma)<\/li>\n<li>Pablo Fern\u00e1ndez (Argentine, Chequeado)<\/li>\n<li>Christian Gesellmann (Allemagne, Krautreporter)<\/li>\n<\/ul>\n<p><strong>11:00 &#8211; 11:30 Pause caf\u00e9<\/strong><\/p>\n<p><strong>11:30 &#8211; 11:45 Key Note : datajournalisme<\/strong><\/p>\n<ul>\n<li>Amr Eleraqi : datajournaliste au Moyen-Orient. Il a lanc\u00e9 infotimes.org, premier site web arabe sp\u00e9cialis\u00e9 dans le journalisme des donn\u00e9es<\/li>\n<\/ul>\n<p><strong>11:45 &#8211; 12:45 Datajournalisme en Tunisie et dans le monde<\/strong><\/p>\n<p>Pr\u00e9sentation : Wassim Ben Larbi\/Martin Vogl<\/p>\n<ul>\n<li><span style=\"font-size: 1rem;\">Amr Eleraqi (Egypte, Infotimes)<\/span><\/li>\n<li>Inkyfada (Tunisie)<\/li>\n<li>Mohammed Al-Kowmani (Jordanie, Arij)<\/li>\n<li>Jazem Halioui (Tunisie, Web Radar)<\/li>\n<\/ul>\n<p><strong>12:45 &#8211; 13:15 Ideation : Media start-ups<\/strong><\/p>\n<p>Pr\u00e9sentation : Wassim Ben Larbi<\/p>\n<p><strong>13:15 &#8211; 14:30 D\u00e9jeuner<\/strong><\/p>\n<p><strong>14:30 &#8211; 14:45 Key Note : Hate Speech<\/strong><\/p>\n<ul>\n<li>Harold Haftsadi (Allemagne\/Venezuela)<\/li>\n<\/ul>\n<p><strong>14:45 &#8211; 15:30 Discussion avec Harold Haftsadi<\/strong><\/p>\n<p>Pr\u00e9sentation\u00a0 : Martin Vogl\/Mounira Hamdi<\/p>\n<p><strong>15:30 &#8211; 16:30 Ateliers en parall\u00e8le<\/strong><\/p>\n<p><em>Trouver le business model pour son m\u00e9dia<\/em><\/p>\n<ul>\n<li>Erik Houinsou (B\u00e9nin, consultant ind\u00e9pendant, d\u00e9veloppement organisationnel)<\/li>\n<li>Chakib Abdallah (Tunisie, consultant marketing des m\u00e9dias)<\/li>\n<\/ul>\n<p><em>Devenir manager des m\u00e9dias en Tunisie<\/em><\/p>\n<ul>\n<li>Information sur la formation continue du DMV Lab avec DW Akademie (Allemagne), Fondation Maharat (Liban) et les participants de la formation 2017\/2018<\/li>\n<li>\u00c9changes concrets sur le th\u00e8me : comment cr\u00e9er un business model pour mon m\u00e9dia ?<\/li>\n<\/ul>\n<p><em>Start-up et journalisme : comment r\u00e9unir ces deux mondes ?<\/em><br \/>\n<em>Brainstorming pour une nouvelle profession<\/em><\/p>\n<p><strong>16:30 &#8211; 16:45 Conclusion : \u00ab Media Viability \u00bb et innovation num\u00e9rique au service d\u2019un journalisme de qualit\u00e9 en Tunisie<\/strong><\/p>\n<p>Pr\u00e9sentation : Malek Khadhraoui\/Mounira Hamdi<\/p>\n<p>Perspectives, d\u00e9fis et opportunit\u00e9s pour la Tunisie<\/p>\n<p><strong>16:45 C\u00e9r\u00e9monie de cl\u00f4ture<\/strong><\/p>\n<p>Pr\u00e9sentation : Wassim Ben Larbi\/Mounira Hamdi\/Martin Vogl<\/p>\n<ul>\n<li>DW Akademie<\/li>\n<li>Al Khatt<\/li>\n<\/ul>\n<p><strong>17:00 Networking caf\u00e9<\/strong><\/p>\n<p><strong>Fin de la conf\u00e9rence<\/strong><\/p>\n","protected":false},"excerpt":{"rendered":"<p>MEDIA LOVES TECH Solutions num\u00e9riques pour un journalisme innovant en Tunisie #MediaLovesTech Du 22 au 24 octobre 2018 \u00e0 Tunis Lors de cette conf\u00e9rence de trois jours, la sc\u00e8ne m\u00e9diatique rencontrera la sc\u00e8ne technologique et les start-ups. L\u2019objectif : d\u00e9couvrir, gr\u00e2ce \u00e0 des conf\u00e9renciers de renomm\u00e9e mondiale, la mani\u00e8re dont l&rsquo;innovation num\u00e9rique peut faciliter et &hellip; <\/p>\n<p class=\"link-more\"><a href=\"https:\/\/akademie.dw.de\/tunisiamedia\/conference\/\" class=\"more-link\">Continuer la lecture<span class=\"screen-reader-text\"> de &laquo;&nbsp;CONF\u00c9RENCE&nbsp;&raquo;<\/span><\/a><\/p>\n","protected":false},"author":5,"featured_media":0,"parent":0,"menu_order":0,"comment_status":"closed","ping_status":"closed","template":"","meta":{"_monsterinsights_skip_tracking":false,"_monsterinsights_sitenote_active":false,"_monsterinsights_sitenote_note":"","_monsterinsights_sitenote_category":0,"footnotes":""},"class_list":["post-463","page","type-page","status-publish","hentry"],"_links":{"self":[{"href":"https:\/\/akademie.dw.de\/tunisiamedia\/wp-json\/wp\/v2\/pages\/463","targetHints":{"allow":["GET"]}}],"collection":[{"href":"https:\/\/akademie.dw.de\/tunisiamedia\/wp-json\/wp\/v2\/pages"}],"about":[{"href":"https:\/\/akademie.dw.de\/tunisiamedia\/wp-json\/wp\/v2\/types\/page"}],"author":[{"embeddable":true,"href":"https:\/\/akademie.dw.de\/tunisiamedia\/wp-json\/wp\/v2\/users\/5"}],"replies":[{"embeddable":true,"href":"https:\/\/akademie.dw.de\/tunisiamedia\/wp-json\/wp\/v2\/comments?post=463"}],"version-history":[{"count":43,"href":"https:\/\/akademie.dw.de\/tunisiamedia\/wp-json\/wp\/v2\/pages\/463\/revisions"}],"predecessor-version":[{"id":1668,"href":"https:\/\/akademie.dw.de\/tunisiamedia\/wp-json\/wp\/v2\/pages\/463\/revisions\/1668"}],"wp:attachment":[{"href":"https:\/\/akademie.dw.de\/tunisiamedia\/wp-json\/wp\/v2\/media?parent=463"}],"curies":[{"name":"wp","href":"https:\/\/api.w.org\/{rel}","templated":true}]}}